
{"id":8819,"date":"2018-10-18T07:42:18","date_gmt":"2018-10-18T07:42:18","guid":{"rendered":"http:\/\/www.dfi-geisler.com\/?page_id=8819"},"modified":"2025-07-08T14:18:12","modified_gmt":"2025-07-08T13:18:12","slug":"kompaktlaminat","status":"publish","type":"page","link":"https:\/\/www.dfi-geisler.com\/sv\/kompaktlaminat\/","title":{"rendered":"Kompaktlaminat"},"content":{"rendered":"<div class=\"wpb-content-wrapper\"><p>[vc_row first_background_type=&#8221;gradient&#8221; first_background_gradient=&#8221;#83bae3||#a672c9||0;100||180||linear&#8221;][vc_column width=&#8221;1\/4&#8243;][vc_wp_custommenu nav_menu=&#8221;172&#8243;][\/vc_column][vc_column width=&#8221;3\/4&#8243;][vc_column_text]<\/p>\n<h2>Kompaktlaminat<\/h2>\n<p>[\/vc_column_text][vc_column_text css=&#8221;&#8221;]<\/p>\n<h5><strong>Ett bra val<\/strong> om du vill ha ett k\u00f6k som ger ett luftigt och enhetligt intryck. Den 12 mm tunna skivan l\u00e4mpar sig till exempel oerh\u00f6rt v\u00e4l f\u00f6r att monteras \u201dsv\u00e4vande\u201d \u00f6ver k\u00f6ksenheterna f\u00f6r att ytterligare betona ett stilrent och distinkt uttryck. Kompaktlaminat \u00e4r dessutom ett i det n\u00e4rmaste of\u00f6rst\u00f6rbart material, och du kommer att ha gl\u00e4dje av det i m\u00e5nga \u00e5r \u2013 b\u00e5de av att se och att anv\u00e4nda det i ditt dagliga k\u00f6ksliv.<\/h5>\n<p>[\/vc_column_text][\/vc_column][\/vc_row][vc_row][vc_column][vc_separator color=&#8221;black&#8221; border_width=&#8221;2&#8243;][\/vc_column][\/vc_row][vc_row css=&#8221;.vc_custom_1534410440830{margin-top: 40px !important;}&#8221;][vc_column width=&#8221;1\/2&#8243;][vc_column_text]<\/p>\n<h4>Vad \u00e4r Kompaktlaminat?<\/h4>\n<p>[\/vc_column_text][vc_column_text css=&#8221;&#8221;]Kompaktlaminat \u00e4r gjort av papper. Ja du l\u00e4ste r\u00e4tt\u2026 papper! Och hur kan det d\u00e5 bli ett av det starkaste och mest h\u00e5llbara materialet? Svaret \u00e4r att kompaktlaminat \u00e4r skapat genom att sammanpressa ca 50 lager av genomf\u00e4rgat papper under h\u00f6gt trygg och v\u00e4rme. Ytters p\u00e5 b\u00e5da sidor avslutar man med ett dekorpapper som sedan toppas med melamin f\u00f6r att ge b\u00e4nkskivan en klart yta. Det f\u00e4rdiga resultatet ger en stark, stabil och exklusiv b\u00e4nkskiva som f\u00f6ralltid vill vara modern.<\/p>\n<p>[\/vc_column_text][\/vc_column][vc_column width=&#8221;1\/2&#8243;][vc_single_image image=&#8221;10180&#8243; img_size=&#8221;full&#8221; alignment=&#8221;right&#8221; onclick=&#8221;link_image&#8221;][\/vc_column][\/vc_row][vc_row first_background_type=&#8221;gradient&#8221; first_background_gradient=&#8221;rgba(0,57,158,0.69)||#587d9b||0;100||84||linear&#8221; css=&#8221;.vc_custom_1534410451584{margin-top: 40px !important;}&#8221;][vc_column width=&#8221;2\/3&#8243;][vc_column_text]<\/p>\n<h4>Produktegenskaper<\/h4>\n<p>[\/vc_column_text][vc_single_image image=&#8221;10218&#8243; img_size=&#8221;large&#8221; alignment=&#8221;center&#8221; onclick=&#8221;link_image&#8221;][\/vc_column][vc_column width=&#8221;1\/3&#8243;][vc_column_text]<\/p>\n<h4>J\u00e4mf\u00f6r produkter<\/h4>\n<p>[\/vc_column_text][vc_single_image image=&#8221;29399&#8243; img_size=&#8221;medium&#8221; onclick=&#8221;link_image&#8221;][\/vc_column][\/vc_row][vc_row css=&#8221;.vc_custom_1534410410938{margin-top: 40px !important;}&#8221;][vc_column width=&#8221;1\/3&#8243;][vc_column_text]<\/p>\n<h4>Tjocklekar<\/h4>\n<p>[\/vc_column_text][vc_column_text]Kompaktlaminat levereras alltid i 12 mm. Den speciella konstruktionen\u00a0med ca 50 skikt sammanpressat papper\u00a0ger i geng\u00e4ld skivan en \u00f6verl\u00e4gsen styrka i niv\u00e5 med l\u00e5ngt gr\u00f6vre skivor i andra material.<\/p>\n<ul>\n<li><strong>12 mm<\/strong><\/li>\n<\/ul>\n<p>[\/vc_column_text][\/vc_column][vc_column width=&#8221;1\/3&#8243;][vc_column_text]<\/p>\n<h4>Daglig anv\u00e4ndning<\/h4>\n<p>[\/vc_column_text][vc_column_text]Kompaktlaminat \u00e4r i stort sett underh\u00e5llsfritt\u00a0och \u00e4ven extremt l\u00e4tt att h\u00e5lla rent. Det mesta klarar en disktrasa som f\u00f6rst fuktats i varmt vatten. Den h\u00f6ga h\u00e5llfastheten g\u00f6r samtidigt\u00a0kompaktlaminat motst\u00e5ndskraftigt mot de m\u00e5nga sm\u00e5 slagen och st\u00f6tarna som kommer med det dagliga anv\u00e4ndandet i k\u00f6ket.<\/p>\n<p>Laminatskivor med sl\u00e4t yta kan dock vara k\u00e4nsliga f\u00f6r repor.\u00a0Var d\u00e4rf\u00f6r uppm\u00e4rksam n\u00e4r du flyttar sk\u00e4rbr\u00e4dor, bestick, sk\u00e5lar och annat \u00f6ver bordet.<\/p>\n<p>Kompaktlaminat klarar kontakt\u00a0med heta f\u00f6rem\u00e5l (upp till 110 grader) korta stunder.\u00a0Vi rekommenderar dock att du alltid anv\u00e4nder avst\u00e4llningsgaller eller underl\u00e4gg.[\/vc_column_text][\/vc_column][vc_column width=&#8221;1\/3&#8243;][vc_column_text]<\/p>\n<h4>Designdetaljer<\/h4>\n<p>[\/vc_column_text][vc_column_text]Med den endast 12 mm tunna skivan ger kompaktlaminaten\u00a0en designm\u00e4ssig l\u00e4tthet,\u00a0som ocks\u00e5 kan upplevas \u00e4nnu l\u00e4ttare om man monterar skivan \u201dsv\u00e4vande\u201d p\u00e5 sk\u00e5pen.\u00a0H\u00e4r l\u00e4ggs en list p\u00e5 20 eller 30\u00a0mm mellan sk\u00e5pen och b\u00e4nkskivan f\u00f6r\u00a0att h\u00f6ja den och skapa den speciella \u201csv\u00e4vande\u201d effekten. Du kan\u00a0ocks\u00e5 s\u00e4tta p\u00e5 kantlister i laminat, alu-laminat\u00a0eller tr\u00e4, beroende p\u00e5 vilket designm\u00e4ssigt uttryck du efterstr\u00e4var som slutresultat i ditt k\u00f6k.[\/vc_column_text][\/vc_column][\/vc_row][vc_row][vc_column][vc_separator color=&#8221;black&#8221; border_width=&#8221;2&#8243;][\/vc_column][\/vc_row][vc_row css=&#8221;.vc_custom_1534410467435{margin-top: 40px !important;}&#8221;][vc_column width=&#8221;1\/3&#8243;][vc_column_text]<\/p>\n<h4>F\u00e4rger och strukturer<\/h4>\n<p>[\/vc_column_text][vc_column_text]Du kan f\u00e5 din kompaktlaminat-b\u00e4nkskiva \u00a0i mer \u00e4n 10 olika nyanser, b\u00e5de\u00a0\u201drena\u201d f\u00e4rger och kvalitetstryckta, som f\u00e5r b\u00e4nkskivan att framst\u00e5 som exklusiv natursten, t.ex. marmor och granit<\/p>\n<p>Om du vill ha en vit b\u00e4nkskiva kan du v\u00e4lja \u00a0mellan svart och vit k\u00e4rna (det genomf\u00e4rgade\u00a0papperet mellan de yttersta bitarna av dekorpapper) och d\u00e4rmed uppn\u00e5 tv\u00e5 mycket olika designm\u00e4ssiga uttryck p\u00e5 kanten.\u00a0Du kan ocks\u00e5 v\u00e4lja en vit b\u00e4nkskiva med en ruggad struktur och vit k\u00e4rna.[\/vc_column_text][vc_btn title=&#8221;SE HELA V\u00c5RT KOMPAKTLAMINATSORTIMENT&#8221; color=&#8221;success&#8221; link=&#8221;url:https%3A%2F%2Fwww.dfi-geisler.com%2Fkompaktlaminat-sortiment%2F|target:_blank&#8221;][\/vc_column][vc_column width=&#8221;2\/3&#8243;][vc_single_image image=&#8221;8833&#8243; img_size=&#8221;large&#8221;][\/vc_column][\/vc_row][vc_row css=&#8221;.vc_custom_1534410460189{margin-top: 40px !important;}&#8221;][vc_column width=&#8221;1\/2&#8243;][vc_column_text]<\/p>\n<h4>Diskho<\/h4>\n<p>[\/vc_column_text][vc_single_image image=&#8221;8849&#8243; img_size=&#8221;large&#8221; css=&#8221;.vc_custom_1534760416918{margin-top: 40px !important;}&#8221;][vc_btn title=&#8221;SE V\u00c5RT STORA UTBUD AV DISKHOAR&#8221; color=&#8221;success&#8221; link=&#8221;url:https%3A%2F%2Fwww.dfi-geisler.com%2Fvaske-katalog%2F|target:_blank&#8221;][\/vc_column][vc_column width=&#8221;1\/2&#8243;][vc_column_text]<\/p>\n<h4>Montering av diskho<\/h4>\n<p>[\/vc_column_text][vc_column_text]Med en kompaktlaminatskiva kan diskhon \u00a0monteras p\u00e5 fyra olika s\u00e4tt, vart och ett med sitt designm\u00e4ssiga uttryck.[\/vc_column_text][vc_row_inner][vc_column_inner width=&#8221;1\/2&#8243;][vc_single_image image=&#8221;8841&#8243; img_size=&#8221;full&#8221; alignment=&#8221;center&#8221; style=&#8221;vc_box_border&#8221; onclick=&#8221;link_image&#8221;][vc_column_text]<\/p>\n<p style=\"text-align: center;\"><strong>Planlimmad<\/strong><\/p>\n<p style=\"text-align: center;\">Diskho och b\u00e4nkskiva \u00e4r i niv\u00e5, och \u00f6verg\u00e5ngar t\u00e4tas med silikon<\/p>\n<p>[\/vc_column_text][\/vc_column_inner][vc_column_inner width=&#8221;1\/2&#8243;][vc_single_image image=&#8221;8839&#8243; img_size=&#8221;full&#8221; alignment=&#8221;center&#8221; style=&#8221;vc_box_border&#8221; onclick=&#8221;link_image&#8221;][vc_column_text]<\/p>\n<p style=\"text-align: center;\"><strong>Underfr\u00e4sning<\/strong><\/p>\n<p style=\"text-align: center;\">Diskhon monteras ca 2,5 mm under b\u00e4nkskivans avfasade \u00f6vre kant.<\/p>\n<p>[\/vc_column_text][\/vc_column_inner][\/vc_row_inner][vc_row_inner][vc_column_inner width=&#8221;1\/2&#8243;][vc_single_image image=&#8221;28347&#8243; img_size=&#8221;full&#8221; alignment=&#8221;center&#8221; style=&#8221;vc_box_border&#8221; onclick=&#8221;link_image&#8221;][vc_column_text]<\/p>\n<p style=\"text-align: center;\"><strong>Underlimmad\/rak<\/strong><\/p>\n<p style=\"text-align: center;\">Hela b\u00e4nkskivans tjocklek \u00e4r synlig runt diskhon.<\/p>\n<p style=\"text-align: center;\">Synlig vaskeflange ca. 5mm<\/p>\n<p>[\/vc_column_text][\/vc_column_inner][vc_column_inner width=&#8221;1\/2&#8243;][vc_single_image image=&#8221;28349&#8243; img_size=&#8221;full&#8221; alignment=&#8221;center&#8221; style=&#8221;vc_box_border&#8221; onclick=&#8221;link_image&#8221;][vc_column_text]<\/p>\n<p style=\"text-align: center;\"><strong>Underlimmad\/fasad<\/strong><\/p>\n<p style=\"text-align: center;\">B\u00e4nkskivans kant \u00e4r snett skuren (fasad) och diskhon monteras under skivans rymd.<\/p>\n<p style=\"text-align: center;\">Synlig vaskeflange ca. 5mm<\/p>\n<p>[\/vc_column_text][\/vc_column_inner][\/vc_row_inner][\/vc_column][\/vc_row][vc_row][vc_column][vc_separator color=&#8221;black&#8221; border_width=&#8221;2&#8243; css=&#8221;.vc_custom_1534425122723{margin-top: 40px !important;}&#8221;][\/vc_column][\/vc_row]<\/p>\n<\/div>","protected":false},"excerpt":{"rendered":"<p>[vc_row first_background_type=&#8221;gradient&#8221; first_background_gradient=&#8221;#83bae3||#a672c9||0;100||180||linear&#8221;][vc_column width=&#8221;1\/4&#8243;][vc_wp_custommenu nav_menu=&#8221;172&#8243;][\/vc_column][vc_column width=&#8221;3\/4&#8243;][vc_column_text] Kompaktlaminat [\/vc_column_text][vc_column_text css=&#8221;&#8221;] Ett bra val om du vill ha ett k\u00f6k som ger ett luftigt och enhetligt intryck. Den<\/p>\n","protected":false},"author":717,"featured_media":0,"parent":0,"menu_order":0,"comment_status":"closed","ping_status":"closed","template":"","meta":{"_monsterinsights_skip_tracking":false,"_monsterinsights_sitenote_active":false,"_monsterinsights_sitenote_note":"","_monsterinsights_sitenote_category":0,"footnotes":""},"class_list":["post-8819","page","type-page","status-publish","hentry"],"aioseo_notices":[],"_links":{"self":[{"href":"https:\/\/www.dfi-geisler.com\/sv\/wp-json\/wp\/v2\/pages\/8819","targetHints":{"allow":["GET"]}}],"collection":[{"href":"https:\/\/www.dfi-geisler.com\/sv\/wp-json\/wp\/v2\/pages"}],"about":[{"href":"https:\/\/www.dfi-geisler.com\/sv\/wp-json\/wp\/v2\/types\/page"}],"author":[{"embeddable":true,"href":"https:\/\/www.dfi-geisler.com\/sv\/wp-json\/wp\/v2\/users\/717"}],"replies":[{"embeddable":true,"href":"https:\/\/www.dfi-geisler.com\/sv\/wp-json\/wp\/v2\/comments?post=8819"}],"version-history":[{"count":44,"href":"https:\/\/www.dfi-geisler.com\/sv\/wp-json\/wp\/v2\/pages\/8819\/revisions"}],"predecessor-version":[{"id":36145,"href":"https:\/\/www.dfi-geisler.com\/sv\/wp-json\/wp\/v2\/pages\/8819\/revisions\/36145"}],"wp:attachment":[{"href":"https:\/\/www.dfi-geisler.com\/sv\/wp-json\/wp\/v2\/media?parent=8819"}],"curies":[{"name":"wp","href":"https:\/\/api.w.org\/{rel}","templated":true}]}}