
{"id":20007,"date":"2020-06-30T10:46:48","date_gmt":"2020-06-30T09:46:48","guid":{"rendered":"https:\/\/www.dfi-geisler.com\/?page_id=20007"},"modified":"2025-05-13T11:39:10","modified_gmt":"2025-05-13T10:39:10","slug":"baeredygtighed","status":"publish","type":"page","link":"https:\/\/www.dfi-geisler.com\/sv\/baeredygtighed\/","title":{"rendered":"H\u00e5llbarhet"},"content":{"rendered":"<div class=\"wpb-content-wrapper\"><p>[vc_row full_width=&#8221;stretch_row&#8221; css=&#8221;.vc_custom_1624956620754{background-image: url(https:\/\/www.dfi-geisler.com\/wp-content\/uploads\/2020\/11\/BLAD-scaled.jpg?id=21059) !important;background-position: center !important;background-repeat: no-repeat !important;background-size: cover !important;}&#8221;][vc_column][vc_empty_space][vc_column_text]<span style=\"font-size: 85px; line-height: 1em; color: #fabd02;\">H\u00e5llbarhet.<\/span><\/p>\n<p><span style=\"font-size: 85px; line-height: 1em; color: #ffffff;\">F\u00f6r oss- f\u00f6r dig<\/span><\/p>\n<p><span style=\"font-size: 85px; line-height: 1em; color: #ffffff;\">&#8211; och f\u00f6r framtiden<\/span><br \/>\n[\/vc_column_text][vc_empty_space][\/vc_column][\/vc_row][vc_row][vc_column][vc_row_inner][vc_column_inner width=&#8221;1\/2&#8243;][vc_empty_space height=&#8221;25&#8243;][vc_column_text]<\/p>\n<h4 style=\"text-align: center;\"><span style=\"color: #000000;\"><strong>B\u00e4nkskivor och h\u00e5llbarhet<\/strong><\/span><\/h4>\n<h5 style=\"text-align: center;\"><span style=\"color: #000000;\">DFI-Geisler ing\u00e5r i den internationella k\u00f6kskoncernen Ballingsl\u00f6v International. D\u00e4rmed f\u00f6ljer vi koncernens \u00f6vergripande h\u00e5llbarhetsstrategi \u2013 samtidigt som vi f\u00f6ljer v\u00e5rt hj\u00e4rta och sunt f\u00f6rnuft, som \u00e4r en sj\u00e4lvklar del av att vara m\u00e4nniska och ett f\u00f6retag p\u00e5 Limfjords\u00f6n Mors.<\/span><\/h5>\n<h5 style=\"text-align: center;\"><span style=\"color: #000000;\">Sammantaget anknyter v\u00e5ra m\u00e5nga h\u00e5llbarhetsinitiativ till 4 av FN:s 17 globala m\u00e5l.<\/span><\/h5>\n<p>[\/vc_column_text][vc_empty_space height=&#8221;250px&#8221;][vc_single_image image=&#8221;20194&#8243; img_size=&#8221;full&#8221; alignment=&#8221;right&#8221; style=&#8221;vc_box_shadow_3d&#8221; onclick=&#8221;custom_link&#8221; css_animation=&#8221;fadeInLeft&#8221; link=&#8221;https:\/\/www.regjeringen.no\/no\/tema\/fns-barekraftsmal\/id2590133\/&#8221;][vc_empty_space height=&#8221;0px&#8221;][vc_column_text]<\/p>\n<h5 style=\"text-align: center;\"><span style=\"color: #000000;\">F\u00f6r att producera v\u00e5ra b\u00e4nkskivor s\u00e5 ansvarsfullt som m\u00f6jligt, arbetar vi kontinuerligt f\u00f6r att minimera v\u00e5r energif\u00f6rbrukning, v\u00e5r vattenf\u00f6rbrukning och v\u00e5rt avfall.<\/span><br \/>\n<span style=\"color: #000000;\">Vi anv\u00e4nder numera uteslutande gr\u00f6n el i hela fabriken, och mer \u00e4n 80 procent av processvattnet vi anv\u00e4nder f\u00f6r att producera stenb\u00e4nkskivorna renas och \u00e5teranv\u00e4nds.<\/span><br \/>\n<span style=\"color: #000000;\">Vi har dessutom g\u00e5tt \u00f6ver till LED-belysning i produktionsomr\u00e5dena.<\/span><\/h5>\n<h5 style=\"text-align: center;\"><span style=\"color: #000000;\">De anstr\u00e4ngningar vi gjort l\u00f6pande f\u00f6r att f\u00e5 produktionen och f\u00f6rbrukningen hos DFI-Geisler mer h\u00e5llbar (v\u00e4rldsm\u00e5l 12), visar sig tydligt i v\u00e5rt CO<sub>2<\/sub>-utsl\u00e4pp.<\/span><br \/>\n<span style=\"color: #000000;\">Sedan 2018 har vi varje \u00e5r dokumenterat v\u00e5r klimatp\u00e5verkan f\u00f6r b\u00e5de Ballingsl\u00f6v International och DFI-Geisler.<\/span><\/h5>\n<p>[\/vc_column_text][\/vc_column_inner][vc_column_inner width=&#8221;1\/2&#8243;][vc_single_image image=&#8221;34922&#8243; img_size=&#8221;400&#215;550&#8243; alignment=&#8221;center&#8221; onclick=&#8221;custom_link&#8221; css_animation=&#8221;fadeInRight&#8221; css=&#8221;.vc_custom_1747132799312{margin-top: 60px !important;}&#8221; link=&#8221;https:\/\/www.flipsnack.com\/dfigeisler\/se_ballingslov_hallbarhetsrapport_2024\/full-view.html&#8221;][vc_empty_space height=&#8221;1px&#8221;][vc_column_text css=&#8221;&#8221;]<\/p>\n<h5 style=\"text-align: center;\"><span style=\"color: #000000;\">DFI-Geislers drygt 160 medarbetare \u00e4r v\u00e5r viktigaste tillg\u00e5ng, och det g\u00f6r att vi tar v\u00e4l hand om dem.<\/span><\/h5>\n<p><span style=\"color: #000000;\">F\u00f6r att f\u00e5 reda p\u00e5 om vi g\u00f6r det tillr\u00e4ckligt bra, deltar vi varje \u00e5r i v\u00e4rldens st\u00f6rsta medarbetarunders\u00f6kning \u201dGreat Place to Work\u201d.<\/span><\/p>\n<h5 style=\"text-align: center;\"><span style=\"color: #000000;\">Samtidigt fokuserar vi alltid p\u00e5 h\u00e4lsa, v\u00e4lbefinnande och s\u00e4kerhet p\u00e5 arbetsplatsen.<\/span><\/h5>\n<h5 style=\"text-align: center;\"><span style=\"color: #000000;\">Ett bra exempel p\u00e5 detta \u00e4r v\u00e5r anv\u00e4ndning av r\u00f6relsekonceptet OfficeFit, som ger kontorsanst\u00e4llda tillg\u00e5ng till olika ergonomiska verktyg, till exempel kontorscyklar.<\/span><\/h5>\n<p>[\/vc_column_text][vc_empty_space height=&#8221;85px&#8221;][vc_single_image image=&#8221;20193&#8243; img_size=&#8221;large&#8221; alignment=&#8221;center&#8221; style=&#8221;vc_box_shadow_3d&#8221; onclick=&#8221;custom_link&#8221; css_animation=&#8221;fadeInRight&#8221; css=&#8221;.vc_custom_1595229880799{margin-top: 60px !important;}&#8221; link=&#8221;https:\/\/www.regjeringen.no\/no\/tema\/fns-barekraftsmal\/id2590133\/&#8221;][\/vc_column_inner][\/vc_row_inner][vc_row_inner][vc_column_inner width=&#8221;1\/2&#8243;][vc_single_image image=&#8221;20571&#8243; img_size=&#8221;550&#215;550&#8243; alignment=&#8221;center&#8221; style=&#8221;vc_box_shadow_3d&#8221; css_animation=&#8221;fadeInLeft&#8221; css=&#8221;.vc_custom_1600867727704{margin-top: 60px !important;}&#8221;][vc_empty_space height=&#8221;125px&#8221;][vc_column_text]<\/p>\n<h4 style=\"text-align: center;\"><span style=\"color: #000000;\"><strong>CO<sub>2<\/sub>-m\u00e5len<\/strong><\/span><\/h4>\n<h5 style=\"text-align: center;\"><span style=\"color: #000000;\">P\u00e5 koncernniv\u00e5 har Ballingsl\u00f6v ett m\u00e5l om att minska det totala CO2-avtrycket \u00e5r 2022 med 40 procent j\u00e4mf\u00f6rt med 2018. D\u00e4refter \u00e4r ambitionen att vi \u00e5r 2030 ytterligare \u00a0<em>halverar<\/em>\u00a0koncernens avtryck j\u00e4mf\u00f6rt med 2022.<\/span><\/h5>\n<h5 style=\"text-align: center;\"><span style=\"color: #000000;\">Med de \u00e5tg\u00e4rder som vi genomf\u00f6r p\u00e5 Mors, r\u00e4knar vi med att uppn\u00e5 resultat som \u00e4r \u00e4nnu b\u00e4ttre \u00e4n koncernens m\u00e5l.<\/span><\/h5>\n<h5 style=\"text-align: center;\"><\/h5>\n<h4 style=\"text-align: center;\"><span style=\"color: #000000;\"><strong>Plantering av tr\u00e4d<\/strong><\/span><\/h4>\n<h5 style=\"text-align: center;\"><span style=\"color: #000000;\">F\u00f6r att l\u00e4gga ytterligare kraft bakom minskandet av v\u00e5rt CO2-avtryck, engagerar vi oss i tr\u00e4dplantering. Vi planterar minst ett nytt tr\u00e4d f\u00f6r varje b\u00e4nkskiva i massivt tr\u00e4 som vi producerar. Och det blir m\u00e5nga \u2026<\/span><\/h5>\n<p>[\/vc_column_text][vc_empty_space height=&#8221;40px&#8221;][vc_single_image image=&#8221;20196&#8243; img_size=&#8221;large&#8221; alignment=&#8221;center&#8221; style=&#8221;vc_box_shadow_3d&#8221; onclick=&#8221;custom_link&#8221; css_animation=&#8221;fadeInLeft&#8221; css=&#8221;.vc_custom_1595229886290{margin-top: 60px !important;}&#8221; link=&#8221;https:\/\/www.regjeringen.no\/no\/tema\/fns-barekraftsmal\/id2590133\/&#8221;][\/vc_column_inner][vc_column_inner width=&#8221;1\/2&#8243;][vc_empty_space][vc_column_text]<\/p>\n<h4 style=\"text-align: center;\"><span style=\"color: #000000;\"><strong>H\u00e5llbart skogsbruk<br \/>\n<\/strong><strong>\u00a0<\/strong><\/span><\/h4>\n<h5 style=\"text-align: center;\"><span style=\"color: #000000;\">Varenda tr\u00e4skiva som l\u00e4mnar fabriken p\u00e5 Mors \u00e4r idag FSC-certifierad.<\/span><br \/>\n<span style=\"color: #000000;\">Det g\u00e4ller s\u00e5v\u00e4l bordsskivor i massivt tr\u00e4 som v\u00e5rt standardsortiment i laminat.<\/span><br \/>\n<span style=\"color: #000000;\">Vad sp\u00e5nskivorna anbelangar inneh\u00e5ller de f\u00f6r \u00f6vrigt minst 75 procent avfallsvirke fr\u00e5n danska \u00e5tervinningsanl\u00e4ggningar.<\/span><\/h5>\n<h5 style=\"text-align: center;\"><\/h5>\n<h4 style=\"text-align: center;\"><span style=\"color: #000000;\"><strong>Livscykelanalyser<\/strong><\/span><\/h4>\n<h5 style=\"text-align: center;\"><span style=\"color: #000000;\">Hittills har livscykelanalyser (LCA) utarbetats f\u00f6r att ber\u00e4kna CO<sub>2<\/sub>-utsl\u00e4ppet f\u00f6r 3 av v\u00e5ra huvudprodukter: massivt tr\u00e4, laminat och kompositsten. Under h\u00f6sten 2020 och v\u00e5ren 2021 kommer liknande livscykelanalyser att finnas tillg\u00e4ngliga f\u00f6r de \u00f6vriga huvudprodukterna. Det ger full insyn och g\u00f6r det m\u00f6jligt f\u00f6r varje k\u00f6ksk\u00f6pare att g\u00f6ra ett informerat val n\u00e4r personen v\u00e4ljer en b\u00e4nkskiva \u2013 \u00e4ven vad g\u00e4ller h\u00e5llbarhet.<\/span><\/h5>\n<p>[\/vc_column_text][vc_empty_space height=&#8221;20px&#8221;][vc_single_image image=&#8221;20195&#8243; img_size=&#8221;large&#8221; alignment=&#8221;center&#8221; style=&#8221;vc_box_shadow_3d&#8221; onclick=&#8221;custom_link&#8221; css_animation=&#8221;fadeInRight&#8221; css=&#8221;.vc_custom_1595229892115{margin-top: 60px !important;}&#8221; link=&#8221;https:\/\/www.regjeringen.no\/no\/tema\/fns-barekraftsmal\/id2590133\/&#8221;][vc_empty_space height=&#8221;20px&#8221;][vc_column_text]<\/p>\n<h5 style=\"text-align: center;\"><span style=\"color: #000000;\">B\u00e5de som f\u00f6retag och individ ska man uppf\u00f6ra sig v\u00e4l och behandla andra m\u00e4nniskor p\u00e5 ett r\u00e4ttvist och respektfullt s\u00e4tt.<\/span><br \/>\n<span style=\"color: #000000;\">Ett s\u00e5dant f\u00f6rh\u00e5llningss\u00e4tt \u00e4r ingen nyhet \u2013 och s\u00e4rskilt inte h\u00e4r p\u00e5 Mors.<\/span><br \/>\n<span style=\"color: #000000;\">D\u00e4remot har detta nyligen fastst\u00e4llts i en uppf\u00f6randekod.<\/span><br \/>\n<span style=\"color: #000000;\">Det \u00e4r ett stort arbete som beskriver i detalj hur vi och v\u00e5ra leverant\u00f6rer ska agera inom olika omr\u00e5den.<\/span><\/h5>\n<h5 style=\"text-align: center;\"><span style=\"color: #000000;\">V\u00e5ra medarbetare har alla undertecknat att de kommer att f\u00f6lja denna uppf\u00f6randekod (Code of Conduct).<\/span><br \/>\n<span style=\"color: #000000;\">Detsamma g\u00e4ller f\u00f6r de leverant\u00f6rer som \u00e5rligen s\u00e4ljer varor och tj\u00e4nster till DFI-Geisler f\u00f6r ett visst belopp.<\/span><br \/>\n<span style=\"color: #000000;\">Hos ett slumpm\u00e4ssigt urval av dessa leverant\u00f6rer p\u00e5g\u00e5r ytterligare granskningar (revisioner) som utf\u00f6rs av en tredje part. Och h\u00e4r l\u00e4mnas ingen pardon; om man inte lever upp till det \u00f6verenskomna f\u00f6rh\u00e5llningss\u00e4ttet \u00e4r samarbetet med DFI-Geisler \u00f6ver.<\/span><\/h5>\n<p>[\/vc_column_text][\/vc_column_inner][\/vc_row_inner][\/vc_column][vc_column][\/vc_column][\/vc_row]<\/p>\n<\/div>","protected":false},"excerpt":{"rendered":"<p>[vc_row full_width=&#8221;stretch_row&#8221; css=&#8221;.vc_custom_1624956620754{background-image: url(https:\/\/www.dfi-geisler.com\/wp-content\/uploads\/2020\/11\/BLAD-scaled.jpg?id=21059) !important;background-position: center !important;background-repeat: no-repeat !important;background-size: cover !important;}&#8221;][vc_column][vc_empty_space][vc_column_text]H\u00e5llbarhet. F\u00f6r oss- f\u00f6r dig &#8211; och f\u00f6r framtiden [\/vc_column_text][vc_empty_space][\/vc_column][\/vc_row][vc_row][vc_column][vc_row_inner][vc_column_inner width=&#8221;1\/2&#8243;][vc_empty_space height=&#8221;25&#8243;][vc_column_text] B\u00e4nkskivor och h\u00e5llbarhet DFI-Geisler<\/p>\n","protected":false},"author":717,"featured_media":0,"parent":0,"menu_order":0,"comment_status":"closed","ping_status":"closed","template":"","meta":{"_monsterinsights_skip_tracking":false,"_monsterinsights_sitenote_active":false,"_monsterinsights_sitenote_note":"","_monsterinsights_sitenote_category":0,"footnotes":""},"class_list":["post-20007","page","type-page","status-publish","hentry"],"aioseo_notices":[],"_links":{"self":[{"href":"https:\/\/www.dfi-geisler.com\/sv\/wp-json\/wp\/v2\/pages\/20007","targetHints":{"allow":["GET"]}}],"collection":[{"href":"https:\/\/www.dfi-geisler.com\/sv\/wp-json\/wp\/v2\/pages"}],"about":[{"href":"https:\/\/www.dfi-geisler.com\/sv\/wp-json\/wp\/v2\/types\/page"}],"author":[{"embeddable":true,"href":"https:\/\/www.dfi-geisler.com\/sv\/wp-json\/wp\/v2\/users\/717"}],"replies":[{"embeddable":true,"href":"https:\/\/www.dfi-geisler.com\/sv\/wp-json\/wp\/v2\/comments?post=20007"}],"version-history":[{"count":155,"href":"https:\/\/www.dfi-geisler.com\/sv\/wp-json\/wp\/v2\/pages\/20007\/revisions"}],"predecessor-version":[{"id":35005,"href":"https:\/\/www.dfi-geisler.com\/sv\/wp-json\/wp\/v2\/pages\/20007\/revisions\/35005"}],"wp:attachment":[{"href":"https:\/\/www.dfi-geisler.com\/sv\/wp-json\/wp\/v2\/media?parent=20007"}],"curies":[{"name":"wp","href":"https:\/\/api.w.org\/{rel}","templated":true}]}}